{"id":23285,"date":"2022-07-11T12:15:25","date_gmt":"2022-07-11T12:15:25","guid":{"rendered":"https:\/\/luview.com\/?page_id=23285"},"modified":"2025-10-21T03:10:28","modified_gmt":"2025-10-21T03:10:28","slug":"minibusler","status":"publish","type":"page","link":"https:\/\/luview.com\/tr\/solutions\/vans\/","title":{"rendered":"Vans"},"content":{"rendered":"<style type=\"text\/css\" data-created_by=\"avia_inline_auto\" id=\"style-css-av-l2mxefv0-35bb32fcfe7f503a8ac259e0986fd26a\">\n.avia-section.av-l2mxefv0-35bb32fcfe7f503a8ac259e0986fd26a{\nbackground-repeat:no-repeat;\nbackground-image:url(https:\/\/luview.com\/wp-content\/uploads\/2022\/05\/solution-head.jpg);\nbackground-position:50% 50%;\nbackground-attachment:scroll;\n}\n.avia-section.av-l2mxefv0-35bb32fcfe7f503a8ac259e0986fd26a .av-section-color-overlay{\nopacity:0.8;\nbackground-color:#222222;\n}\n<\/style>\n<div id='av_section_1'  class='avia-section av-l2mxefv0-35bb32fcfe7f503a8ac259e0986fd26a main_color avia-section-default avia-no-border-styling  avia-builder-el-0  el_before_av_one_full  avia-builder-el-first  titlebarbox avia-bg-style-scroll av-section-color-overlay-active container_wrap sidebar_left'  data-section-bg-repeat='no-repeat'><div class=\"av-section-color-overlay-wrap\"><div class=\"av-section-color-overlay\"><\/div><div class='container av-section-cont-open' ><main  role=\"main\" itemprop=\"mainContentOfPage\"  class='template-page content  av-content-small units'><div class='post-entry post-entry-type-page post-entry-23285'><div class='entry-content-wrapper clearfix'>\n\n<style type=\"text\/css\" data-created_by=\"avia_inline_auto\" id=\"style-css-av-l2mxr7wy-b4eaf1ebf22700ba8c0e3ddaf64fafea\">\n.flex_column.av-l2mxr7wy-b4eaf1ebf22700ba8c0e3ddaf64fafea{\npadding:10% 0 10% 0;\n}\n<\/style>\n<div class='flex_column av-l2mxr7wy-b4eaf1ebf22700ba8c0e3ddaf64fafea av_one_full  avia-builder-el-1  avia-builder-el-no-sibling  first flex_column_div'   ><style type=\"text\/css\" data-created_by=\"avia_inline_auto\" id=\"style-css-av-l2mxewun-812b60f9f631bff3f3cece738bb226b9\">\n#top .av_textblock_section.av-l2mxewun-812b60f9f631bff3f3cece738bb226b9 .avia_textblock{\ncolor:#ffffff;\ntext-align:center;\n}\n<\/style>\n<section  class='av_textblock_section av-l2mxewun-812b60f9f631bff3f3cece738bb226b9'  itemscope=\"itemscope\" itemtype=\"https:\/\/schema.org\/CreativeWork\" ><div class='avia_textblock av_inherit_color'  itemprop=\"text\" ><h1>Van \u00c7\u00f6z\u00fcmleri<\/h1>\n<\/div><\/section><br \/>\n<\/p><\/div>\n<\/div><\/div><\/main><!-- close content main element --><\/div><\/div><\/div><div id='after_section_1'  class='main_color av_default_container_wrap container_wrap sidebar_left'  ><div class='container av-section-cont-open' ><div class='template-page content  av-content-small units'><div class='post-entry post-entry-type-page post-entry-23285'><div class='entry-content-wrapper clearfix'>\n<div class='flex_column av-36otn7-68283b50c5d531435b3089733b837bd2 av_one_full  avia-builder-el-4  el_after_av_section  el_before_av_one_third  avia-builder-el-first  first flex_column_div'   ><section  class='av_textblock_section av-l2vl0whv-9e31ed8ef585d492647868c52b55fc1a'  itemscope=\"itemscope\" itemtype=\"https:\/\/schema.org\/CreativeWork\" ><div class='avia_textblock av_inherit_color'  itemprop=\"text\" ><h2>Backup Camera System for Van &amp; Cargo Van<\/h2>\n<\/div><\/section><br \/>\n<section  class='av_textblock_section av-l2vla2no-02a9d235c6ee455249ee410d4d085d73'  itemscope=\"itemscope\" itemtype=\"https:\/\/schema.org\/CreativeWork\" ><div class='avia_textblock'  itemprop=\"text\" ><p>Luview has been developed unique backup cameras and backup camera systems for van &amp; cargo van, if you are looking for a reliable van backup camera system manufacturer, please feel free to email <a href=\"mailto:sales@luview.com\"><u>sales@luview.com<\/u><\/a>\u00a0.<\/p>\n<\/div><\/section><\/p><\/div>\n<div class='flex_column av-2ps3aj-3e87c5f96607d28e3a55d1356f20c5cd av_one_third  avia-builder-el-7  el_after_av_one_full  el_before_av_one_third  first flex_column_div column-top-margin'   ><p>\n<style type=\"text\/css\" data-created_by=\"avia_inline_auto\" id=\"style-css-av-l2vl5f5x-fdeb8aa1fcfef860fdf8681dc8f68c14\">\n.avia-image-container.av-l2vl5f5x-fdeb8aa1fcfef860fdf8681dc8f68c14 .av-image-caption-overlay-center{\ncolor:#ffffff;\n}\n<\/style>\n<div  class='avia-image-container av-l2vl5f5x-fdeb8aa1fcfef860fdf8681dc8f68c14 av-styling- avia-align-center  avia-builder-el-8  el_before_av_textblock  avia-builder-el-first'  itemprop=\"image\" itemscope=\"itemscope\" itemtype=\"https:\/\/schema.org\/ImageObject\" ><div class=\"avia-image-container-inner\"><div class=\"avia-image-overlay-wrap\"><img decoding=\"async\" class='wp-image-23626 avia-img-lazy-loading-not-23626 avia_image lazyload' data-src=\"https:\/\/luview.com\/wp-content\/uploads\/2022\/08\/Ford-Transit-Camera-Solution.jpg\" alt='Ford Transit Kamera \u00c7\u00f6z\u00fcm\u00fc' title='Ford Transit Kamera \u00c7\u00f6z\u00fcm\u00fc'  height=\"400\" width=\"400\"  itemprop=\"thumbnailUrl\" data-srcset=\"https:\/\/luview.com\/wp-content\/uploads\/2022\/08\/Ford-Transit-Camera-Solution.jpg 400w, https:\/\/luview.com\/wp-content\/uploads\/2022\/08\/Ford-Transit-Camera-Solution-100x100.jpg 100w, https:\/\/luview.com\/wp-content\/uploads\/2022\/08\/Ford-Transit-Camera-Solution-300x300.jpg 300w, https:\/\/luview.com\/wp-content\/uploads\/2022\/08\/Ford-Transit-Camera-Solution-80x80.jpg 80w, https:\/\/luview.com\/wp-content\/uploads\/2022\/08\/Ford-Transit-Camera-Solution-36x36.jpg 36w, https:\/\/luview.com\/wp-content\/uploads\/2022\/08\/Ford-Transit-Camera-Solution-180x180.jpg 180w\" data-sizes=\"(max-width: 400px) 100vw, 400px\" src=\"data:image\/svg+xml;base64,PHN2ZyB3aWR0aD0iMSIgaGVpZ2h0PSIxIiB4bWxucz0iaHR0cDovL3d3dy53My5vcmcvMjAwMC9zdmciPjwvc3ZnPg==\" style=\"--smush-placeholder-width: 400px; --smush-placeholder-aspect-ratio: 400\/400;\" \/><\/div><\/div><\/div><br \/>\n\n<style type=\"text\/css\" data-created_by=\"avia_inline_auto\" id=\"style-css-av-2m67d7-f8b3e92bddd972c8958c08357236f45c\">\n#top .av_textblock_section.av-2m67d7-f8b3e92bddd972c8958c08357236f45c .avia_textblock{\ntext-align:center;\n}\n<\/style>\n<section  class='av_textblock_section av-2m67d7-f8b3e92bddd972c8958c08357236f45c'  itemscope=\"itemscope\" itemtype=\"https:\/\/schema.org\/CreativeWork\" ><div class='avia_textblock'  itemprop=\"text\" ><h4 style=\"text-align: center;\">Ford Transit Kamera \u00c7\u00f6z\u00fcm\u00fc<\/h4>\n<\/div><\/section><\/p><\/div>\n<div class='flex_column av-2ejarf-e202d8942680281a68fcdb041db7e656 av_one_third  avia-builder-el-10  el_after_av_one_third  el_before_av_one_third  flex_column_div column-top-margin'   ><p>\n<style type=\"text\/css\" data-created_by=\"avia_inline_auto\" id=\"style-css-av-l2vl5vyn-b0daa46eca9846f2dbf14848532042d9\">\n.avia-image-container.av-l2vl5vyn-b0daa46eca9846f2dbf14848532042d9 .av-image-caption-overlay-center{\ncolor:#ffffff;\n}\n<\/style>\n<div  class='avia-image-container av-l2vl5vyn-b0daa46eca9846f2dbf14848532042d9 av-styling- avia-align-center  avia-builder-el-11  el_before_av_textblock  avia-builder-el-first'  itemprop=\"image\" itemscope=\"itemscope\" itemtype=\"https:\/\/schema.org\/ImageObject\" ><div class=\"avia-image-container-inner\"><div class=\"avia-image-overlay-wrap\"><a href=\"https:\/\/luview.com\/tr\/solutions\/vans\/fiat-ducato-camera-system\/\" class='avia_image' ><img decoding=\"async\" class='wp-image-23633 avia-img-lazy-loading-not-23633 avia_image lazyload' data-src=\"https:\/\/luview.com\/wp-content\/uploads\/2022\/08\/Fiat-Ducato-camera-solution.jpg\" alt='Fiat Ducato kamera \u00e7\u00f6z\u00fcm\u00fc' title='Fiat Ducato kamera \u00e7\u00f6z\u00fcm\u00fc'  height=\"400\" width=\"400\"  itemprop=\"thumbnailUrl\" data-srcset=\"https:\/\/luview.com\/wp-content\/uploads\/2022\/08\/Fiat-Ducato-camera-solution.jpg 400w, https:\/\/luview.com\/wp-content\/uploads\/2022\/08\/Fiat-Ducato-camera-solution-100x100.jpg 100w, https:\/\/luview.com\/wp-content\/uploads\/2022\/08\/Fiat-Ducato-camera-solution-300x300.jpg 300w, https:\/\/luview.com\/wp-content\/uploads\/2022\/08\/Fiat-Ducato-camera-solution-80x80.jpg 80w, https:\/\/luview.com\/wp-content\/uploads\/2022\/08\/Fiat-Ducato-camera-solution-36x36.jpg 36w, https:\/\/luview.com\/wp-content\/uploads\/2022\/08\/Fiat-Ducato-camera-solution-180x180.jpg 180w\" data-sizes=\"(max-width: 400px) 100vw, 400px\" src=\"data:image\/svg+xml;base64,PHN2ZyB3aWR0aD0iMSIgaGVpZ2h0PSIxIiB4bWxucz0iaHR0cDovL3d3dy53My5vcmcvMjAwMC9zdmciPjwvc3ZnPg==\" style=\"--smush-placeholder-width: 400px; --smush-placeholder-aspect-ratio: 400\/400;\" \/><\/a><\/div><\/div><\/div><br \/>\n\n<style type=\"text\/css\" data-created_by=\"avia_inline_auto\" id=\"style-css-av-2ame8b-12b496c1614357556a4c7bab706be968\">\n#top .av_textblock_section.av-2ame8b-12b496c1614357556a4c7bab706be968 .avia_textblock{\ntext-align:center;\n}\n<\/style>\n<section  class='av_textblock_section av-2ame8b-12b496c1614357556a4c7bab706be968'  itemscope=\"itemscope\" itemtype=\"https:\/\/schema.org\/CreativeWork\" ><div class='avia_textblock'  itemprop=\"text\" ><h4 style=\"text-align: center;\"><a href=\"https:\/\/luview.com\/solutions\/vans\/fiat-ducato-camera-system\/\">Fiat Ducato Kamera \u00c7\u00f6z\u00fcm\u00fc<\/a><\/h4>\n<\/div><\/section><\/p><\/div>\n<div class='flex_column av-33x9jf-1c424f85e815b2819914c47335725612 av_one_third  avia-builder-el-13  el_after_av_one_third  el_before_av_one_third  flex_column_div column-top-margin'   ><p>\n<style type=\"text\/css\" data-created_by=\"avia_inline_auto\" id=\"style-css-av-l2vl2xqc-f03daf9ce7123ea7616eeba413c56f60\">\n.avia-image-container.av-l2vl2xqc-f03daf9ce7123ea7616eeba413c56f60 .av-image-caption-overlay-center{\ncolor:#ffffff;\n}\n<\/style>\n<div  class='avia-image-container av-l2vl2xqc-f03daf9ce7123ea7616eeba413c56f60 av-styling- avia-align-center  avia-builder-el-14  el_before_av_textblock  avia-builder-el-first'  itemprop=\"image\" itemscope=\"itemscope\" itemtype=\"https:\/\/schema.org\/ImageObject\" ><div class=\"avia-image-container-inner\"><div class=\"avia-image-overlay-wrap\"><a href=\"https:\/\/luview.com\/tr\/solutions\/vans\/iveco-daily-van-camera-system\/\" class='avia_image' ><img decoding=\"async\" class='wp-image-23638 avia-img-lazy-loading-not-23638 avia_image lazyload' data-src=\"https:\/\/luview.com\/wp-content\/uploads\/2022\/08\/IVECO-Daily-Van-Camera-Solution.jpg\" alt='IVECO Daily Van Kamera \u00c7\u00f6z\u00fcm\u00fc' title='IVECO Daily Van Kamera \u00c7\u00f6z\u00fcm\u00fc'  height=\"400\" width=\"400\"  itemprop=\"thumbnailUrl\" data-srcset=\"https:\/\/luview.com\/wp-content\/uploads\/2022\/08\/IVECO-Daily-Van-Camera-Solution.jpg 400w, https:\/\/luview.com\/wp-content\/uploads\/2022\/08\/IVECO-Daily-Van-Camera-Solution-100x100.jpg 100w, https:\/\/luview.com\/wp-content\/uploads\/2022\/08\/IVECO-Daily-Van-Camera-Solution-300x300.jpg 300w, https:\/\/luview.com\/wp-content\/uploads\/2022\/08\/IVECO-Daily-Van-Camera-Solution-80x80.jpg 80w, https:\/\/luview.com\/wp-content\/uploads\/2022\/08\/IVECO-Daily-Van-Camera-Solution-36x36.jpg 36w, https:\/\/luview.com\/wp-content\/uploads\/2022\/08\/IVECO-Daily-Van-Camera-Solution-180x180.jpg 180w, https:\/\/luview.com\/wp-content\/uploads\/2022\/08\/IVECO-Daily-Van-Camera-Solution-321x321.jpg 321w\" data-sizes=\"(max-width: 400px) 100vw, 400px\" src=\"data:image\/svg+xml;base64,PHN2ZyB3aWR0aD0iMSIgaGVpZ2h0PSIxIiB4bWxucz0iaHR0cDovL3d3dy53My5vcmcvMjAwMC9zdmciPjwvc3ZnPg==\" style=\"--smush-placeholder-width: 400px; --smush-placeholder-aspect-ratio: 400\/400;\" \/><\/a><\/div><\/div><\/div><br \/>\n\n<style type=\"text\/css\" data-created_by=\"avia_inline_auto\" id=\"style-css-av-l2vl44qd-a9fd2e80f8564808c6bd161526b1aaa5\">\n#top .av_textblock_section.av-l2vl44qd-a9fd2e80f8564808c6bd161526b1aaa5 .avia_textblock{\ntext-align:center;\n}\n<\/style>\n<section  class='av_textblock_section av-l2vl44qd-a9fd2e80f8564808c6bd161526b1aaa5'  itemscope=\"itemscope\" itemtype=\"https:\/\/schema.org\/CreativeWork\" ><div class='avia_textblock'  itemprop=\"text\" ><h4 style=\"text-align: center;\"><a href=\"https:\/\/luview.com\/solutions\/vans\/iveco-daily-van-camera-system\/\">IVECO Daily Van Kamera \u00c7\u00f6z\u00fcm\u00fc<\/a><\/h4>\n<\/div><\/section><\/p><\/div>\n<div class='flex_column av-1w0job-f7b39fefdc55abed3e88101aa0d2c13e av_one_third  avia-builder-el-16  el_after_av_one_third  el_before_av_one_third  first flex_column_div column-top-margin'   ><p>\n<style type=\"text\/css\" data-created_by=\"avia_inline_auto\" id=\"style-css-av-l2vl6wsn-6391d92fe359661accfe0fd21863883b\">\n.avia-image-container.av-l2vl6wsn-6391d92fe359661accfe0fd21863883b .av-image-caption-overlay-center{\ncolor:#ffffff;\n}\n<\/style>\n<div  class='avia-image-container av-l2vl6wsn-6391d92fe359661accfe0fd21863883b av-styling- avia-align-center  avia-builder-el-17  el_before_av_textblock  avia-builder-el-first'  itemprop=\"image\" itemscope=\"itemscope\" itemtype=\"https:\/\/schema.org\/ImageObject\" ><div class=\"avia-image-container-inner\"><div class=\"avia-image-overlay-wrap\"><a href=\"https:\/\/luview.com\/tr\/solutions\/vans\/mercedes-sprinter-camera-system\/\" class='avia_image' ><img decoding=\"async\" class='wp-image-23642 avia-img-lazy-loading-not-23642 avia_image lazyload' data-src=\"https:\/\/luview.com\/wp-content\/uploads\/2022\/08\/Mercedes-Sprinter-Camera-Solution.jpg\" alt='Mercedes Sprinter Kamera \u00c7\u00f6z\u00fcm\u00fc' title='Mercedes Sprinter Kamera \u00c7\u00f6z\u00fcm\u00fc'  height=\"400\" width=\"400\"  itemprop=\"thumbnailUrl\" data-srcset=\"https:\/\/luview.com\/wp-content\/uploads\/2022\/08\/Mercedes-Sprinter-Camera-Solution.jpg 400w, https:\/\/luview.com\/wp-content\/uploads\/2022\/08\/Mercedes-Sprinter-Camera-Solution-100x100.jpg 100w, https:\/\/luview.com\/wp-content\/uploads\/2022\/08\/Mercedes-Sprinter-Camera-Solution-300x300.jpg 300w, https:\/\/luview.com\/wp-content\/uploads\/2022\/08\/Mercedes-Sprinter-Camera-Solution-80x80.jpg 80w, https:\/\/luview.com\/wp-content\/uploads\/2022\/08\/Mercedes-Sprinter-Camera-Solution-36x36.jpg 36w, https:\/\/luview.com\/wp-content\/uploads\/2022\/08\/Mercedes-Sprinter-Camera-Solution-180x180.jpg 180w, https:\/\/luview.com\/wp-content\/uploads\/2022\/08\/Mercedes-Sprinter-Camera-Solution-321x321.jpg 321w\" data-sizes=\"(max-width: 400px) 100vw, 400px\" src=\"data:image\/svg+xml;base64,PHN2ZyB3aWR0aD0iMSIgaGVpZ2h0PSIxIiB4bWxucz0iaHR0cDovL3d3dy53My5vcmcvMjAwMC9zdmciPjwvc3ZnPg==\" style=\"--smush-placeholder-width: 400px; --smush-placeholder-aspect-ratio: 400\/400;\" \/><\/a><\/div><\/div><\/div><br \/>\n\n<style type=\"text\/css\" data-created_by=\"avia_inline_auto\" id=\"style-css-av-1p19dn-a970b6d55ba0d86edd4047305c5de9ec\">\n#top .av_textblock_section.av-1p19dn-a970b6d55ba0d86edd4047305c5de9ec .avia_textblock{\ntext-align:center;\n}\n<\/style>\n<section  class='av_textblock_section av-1p19dn-a970b6d55ba0d86edd4047305c5de9ec'  itemscope=\"itemscope\" itemtype=\"https:\/\/schema.org\/CreativeWork\" ><div class='avia_textblock'  itemprop=\"text\" ><h4 style=\"text-align: center;\"><a href=\"https:\/\/luview.com\/solutions\/vans\/mercedes-sprinter-camera-system\/\">Mercedes Sprinter Kamera \u00c7\u00f6z\u00fcm\u00fc<\/a><\/h4>\n<\/div><\/section><\/p><\/div>\n<div class='flex_column av-24fj2z-0669ea80cabb754ad49006ee03e9e755 av_one_third  avia-builder-el-19  el_after_av_one_third  el_before_av_one_third  flex_column_div column-top-margin'   ><p>\n<style type=\"text\/css\" data-created_by=\"avia_inline_auto\" id=\"style-css-av-l2vl6a2o-9af60c3e75f448986cb06868d6c2a96f\">\n.avia-image-container.av-l2vl6a2o-9af60c3e75f448986cb06868d6c2a96f .av-image-caption-overlay-center{\ncolor:#ffffff;\n}\n<\/style>\n<div  class='avia-image-container av-l2vl6a2o-9af60c3e75f448986cb06868d6c2a96f av-styling- avia-align-center  avia-builder-el-20  el_before_av_textblock  avia-builder-el-first'  itemprop=\"image\" itemscope=\"itemscope\" itemtype=\"https:\/\/schema.org\/ImageObject\" ><div class=\"avia-image-container-inner\"><div class=\"avia-image-overlay-wrap\"><a href=\"https:\/\/luview.com\/tr\/solutions\/vans\/opel-passenger-van-camera-system\/\" class='avia_image' ><img decoding=\"async\" class='wp-image-23647 avia-img-lazy-loading-not-23647 avia_image lazyload' data-src=\"https:\/\/luview.com\/wp-content\/uploads\/2022\/08\/Opel-Passenger-Van-Camera-Solution.jpg\" alt='Opel Binek Van Kamera \u00c7\u00f6z\u00fcm\u00fc' title='Opel Binek Van Kamera \u00c7\u00f6z\u00fcm\u00fc'  height=\"400\" width=\"400\"  itemprop=\"thumbnailUrl\" data-srcset=\"https:\/\/luview.com\/wp-content\/uploads\/2022\/08\/Opel-Passenger-Van-Camera-Solution.jpg 400w, https:\/\/luview.com\/wp-content\/uploads\/2022\/08\/Opel-Passenger-Van-Camera-Solution-100x100.jpg 100w, https:\/\/luview.com\/wp-content\/uploads\/2022\/08\/Opel-Passenger-Van-Camera-Solution-300x300.jpg 300w, https:\/\/luview.com\/wp-content\/uploads\/2022\/08\/Opel-Passenger-Van-Camera-Solution-80x80.jpg 80w, https:\/\/luview.com\/wp-content\/uploads\/2022\/08\/Opel-Passenger-Van-Camera-Solution-36x36.jpg 36w, https:\/\/luview.com\/wp-content\/uploads\/2022\/08\/Opel-Passenger-Van-Camera-Solution-180x180.jpg 180w, https:\/\/luview.com\/wp-content\/uploads\/2022\/08\/Opel-Passenger-Van-Camera-Solution-321x321.jpg 321w\" data-sizes=\"(max-width: 400px) 100vw, 400px\" src=\"data:image\/svg+xml;base64,PHN2ZyB3aWR0aD0iMSIgaGVpZ2h0PSIxIiB4bWxucz0iaHR0cDovL3d3dy53My5vcmcvMjAwMC9zdmciPjwvc3ZnPg==\" style=\"--smush-placeholder-width: 400px; --smush-placeholder-aspect-ratio: 400\/400;\" \/><\/a><\/div><\/div><\/div><br \/>\n\n<style type=\"text\/css\" data-created_by=\"avia_inline_auto\" id=\"style-css-av-l2vl6kaz-600c655cf69a56eca0cd7d73b7dced5c\">\n#top .av_textblock_section.av-l2vl6kaz-600c655cf69a56eca0cd7d73b7dced5c .avia_textblock{\ntext-align:center;\n}\n<\/style>\n<section  class='av_textblock_section av-l2vl6kaz-600c655cf69a56eca0cd7d73b7dced5c'  itemscope=\"itemscope\" itemtype=\"https:\/\/schema.org\/CreativeWork\" ><div class='avia_textblock'  itemprop=\"text\" ><h4 style=\"text-align: center;\"><a href=\"https:\/\/luview.com\/solutions\/vans\/opel-passenger-van-camera-system\/\">Opel Binek Van Kamera \u00c7\u00f6z\u00fcm\u00fc<\/a><\/h4>\n<\/div><\/section><\/p><\/div>\n<div class='flex_column av-2y8uqr-a8be6aa194f6ab0d744c9255f994ae29 av_one_third  avia-builder-el-22  el_after_av_one_third  el_before_av_one_full  flex_column_div column-top-margin'   ><p>\n<style type=\"text\/css\" data-created_by=\"avia_inline_auto\" id=\"style-css-av-l2vl4x33-b76d2392032db14f1cd51d44c8915bcb\">\n.avia-image-container.av-l2vl4x33-b76d2392032db14f1cd51d44c8915bcb .av-image-caption-overlay-center{\ncolor:#ffffff;\n}\n<\/style>\n<div  class='avia-image-container av-l2vl4x33-b76d2392032db14f1cd51d44c8915bcb av-styling- avia-align-center  avia-builder-el-23  el_before_av_textblock  avia-builder-el-first'  itemprop=\"image\" itemscope=\"itemscope\" itemtype=\"https:\/\/schema.org\/ImageObject\" ><div class=\"avia-image-container-inner\"><div class=\"avia-image-overlay-wrap\"><a href=\"https:\/\/luview.com\/tr\/solutions\/vans\/volkswagen-van-camera-system\/\" class='avia_image' ><img decoding=\"async\" class='wp-image-23651 avia-img-lazy-loading-not-23651 avia_image lazyload' data-src=\"https:\/\/luview.com\/wp-content\/uploads\/2022\/08\/Volkswagen-Van-camera-solution.jpg\" alt='Volkswagen Van kamera \u00e7\u00f6z\u00fcm\u00fc' title='Volkswagen Van kamera \u00e7\u00f6z\u00fcm\u00fc'  height=\"400\" width=\"400\"  itemprop=\"thumbnailUrl\" data-srcset=\"https:\/\/luview.com\/wp-content\/uploads\/2022\/08\/Volkswagen-Van-camera-solution.jpg 400w, https:\/\/luview.com\/wp-content\/uploads\/2022\/08\/Volkswagen-Van-camera-solution-100x100.jpg 100w, https:\/\/luview.com\/wp-content\/uploads\/2022\/08\/Volkswagen-Van-camera-solution-300x300.jpg 300w, https:\/\/luview.com\/wp-content\/uploads\/2022\/08\/Volkswagen-Van-camera-solution-80x80.jpg 80w, https:\/\/luview.com\/wp-content\/uploads\/2022\/08\/Volkswagen-Van-camera-solution-36x36.jpg 36w, https:\/\/luview.com\/wp-content\/uploads\/2022\/08\/Volkswagen-Van-camera-solution-180x180.jpg 180w, https:\/\/luview.com\/wp-content\/uploads\/2022\/08\/Volkswagen-Van-camera-solution-321x321.jpg 321w\" data-sizes=\"(max-width: 400px) 100vw, 400px\" src=\"data:image\/svg+xml;base64,PHN2ZyB3aWR0aD0iMSIgaGVpZ2h0PSIxIiB4bWxucz0iaHR0cDovL3d3dy53My5vcmcvMjAwMC9zdmciPjwvc3ZnPg==\" style=\"--smush-placeholder-width: 400px; --smush-placeholder-aspect-ratio: 400\/400;\" \/><\/a><\/div><\/div><\/div><br \/>\n\n<style type=\"text\/css\" data-created_by=\"avia_inline_auto\" id=\"style-css-av-l2vl512g-d202ea697a71c856bc5a5cfc5043f6df\">\n#top .av_textblock_section.av-l2vl512g-d202ea697a71c856bc5a5cfc5043f6df .avia_textblock{\ntext-align:center;\n}\n<\/style>\n<section  class='av_textblock_section av-l2vl512g-d202ea697a71c856bc5a5cfc5043f6df'  itemscope=\"itemscope\" itemtype=\"https:\/\/schema.org\/CreativeWork\" ><div class='avia_textblock'  itemprop=\"text\" ><h4 style=\"text-align: center;\"><a href=\"https:\/\/luview.com\/solutions\/vans\/volkswagen-van-camera-system\/\">Volkswagen Van Kamera \u00c7\u00f6z\u00fcm\u00fc<\/a><\/h4>\n<\/div><\/section><\/p><\/div>\n<div class='flex_column av-zn923-2998580518e3833d33293177f79d69a5 av_one_full  avia-builder-el-25  el_after_av_one_third  el_before_av_one_full  first flex_column_div column-top-margin'   ><section  class='av_textblock_section av-l2vl9sc8-321202df39fd446ec8d30e8813d0d1d6'  itemscope=\"itemscope\" itemtype=\"https:\/\/schema.org\/CreativeWork\" ><div class='avia_textblock'  itemprop=\"text\" ><h3>Minib\u00fcs i\u00e7in yedek kamera neden \u00f6nemlidir?<\/h3>\n<\/div><\/section><br \/>\n<section  class='av_textblock_section av-l7ooyn2d-df193f48f1ba586f20764c2c06ce4e88'  itemscope=\"itemscope\" itemtype=\"https:\/\/schema.org\/CreativeWork\" ><div class='avia_textblock'  itemprop=\"text\" ><p>Minib\u00fcs\u00fcn\u00fcze bir yedek kamera takman\u0131z i\u00e7in bir\u00e7ok neden vard\u0131r. \u0130lk ve en belirgin neden g\u00fcvenliktir. Yedekleme yaparken, bir minib\u00fcs yedekleme kameras\u0131 s\u00fcr\u00fcc\u00fclerin trafi\u011fi \u00f6l\u00e7mesine ve kazalar\u0131 \u00f6nlemesine yard\u0131mc\u0131 olabilir. Hatta daha az deneyimli s\u00fcr\u00fcc\u00fclerin g\u00fcvenli bir \u015fekilde geri gitmelerine bile yard\u0131mc\u0131 olabilir. Minib\u00fcste bir \u00e7ocu\u011funuz veya k\u00fc\u00e7\u00fck bir hayvan\u0131n\u0131z varsa, geri giderken onlar\u0131 g\u00f6remeyebilirsiniz ve bir yedek kamera onlar\u0131 daha iyi g\u00f6rmenizi sa\u011flayarak g\u00fcvende kalman\u0131za yard\u0131mc\u0131 olabilir.<\/p>\n<\/div><\/section><br \/>\n<section  class='av_textblock_section av-l7oozyqu-f84ae245b4f4d65bcfd7378f48e5a98b'  itemscope=\"itemscope\" itemtype=\"https:\/\/schema.org\/CreativeWork\" ><div class='avia_textblock'  itemprop=\"text\" ><h3>Kablolu veya kablosuz minib\u00fcs yedek kamera sistemi<\/h3>\n<\/div><\/section><br \/>\n<section  class='av_textblock_section av-l7op0hof-e70a3e8ec8f57e99e356206c19d3ca7a'  itemscope=\"itemscope\" itemtype=\"https:\/\/schema.org\/CreativeWork\" ><div class='avia_textblock'  itemprop=\"text\" ><p>Bir minib\u00fcs yedek kamera sistemi kurmak s\u00f6z konusu oldu\u011funda, kablolu bir sistem kablosuz bir sistemden daha iyi bir se\u00e7imdir. Ancak, daha b\u00fcy\u00fck bir ara\u00e7 kullan\u0131yorsan\u0131z bu biraz zorlay\u0131c\u0131 olabilir. Kablolu kameralar parazitlerden veya sinyal kesintilerinden etkilenmez.<\/p>\n<p>Kablolu kameralar\u0131n bir di\u011fer faydas\u0131 da bir monit\u00f6r ekran\u0131na ba\u011fl\u0131 olmalar\u0131d\u0131r.<\/p>\n<p>Kablosuz ve kablolu yedek kameralar aras\u0131nda ba\u015fka farklar da vard\u0131r. Farklardan biri fiyat noktas\u0131d\u0131r. B\u00fct\u00e7eniz k\u0131s\u0131tl\u0131ysa kablosuz kamera daha iyi bir se\u00e7im olabilir. Bununla birlikte, kablosuz sistemlerin \u00e7al\u0131\u015fmas\u0131 i\u00e7in \u00e7ok daha az ekipman gerekir.<\/p>\n<\/div><\/section><br \/>\n<section  class='av_textblock_section av-l7op0xyd-681cb5dd3fd31e69330300d8e6930ee8'  itemscope=\"itemscope\" itemtype=\"https:\/\/schema.org\/CreativeWork\" ><div class='avia_textblock'  itemprop=\"text\" ><h3>En iyi minib\u00fcs yedek kameras\u0131 nas\u0131l se\u00e7ilir<\/h3>\n<\/div><\/section><br \/>\n<section  class='av_textblock_section av-l7op1i91-e6b01fc9882a06ead2e07777ba1c474e'  itemscope=\"itemscope\" itemtype=\"https:\/\/schema.org\/CreativeWork\" ><div class='avia_textblock'  itemprop=\"text\" ><p>Bir minib\u00fcs yedek kameras\u0131 se\u00e7erken, en az 120-170 derece olmas\u0131 gereken g\u00f6r\u00fc\u015f a\u00e7\u0131s\u0131 gibi \u00f6zelliklere \u00e7ok dikkat etmeniz gerekir. Ayr\u0131ca, kameran\u0131n IP derecesini de g\u00f6z \u00f6n\u00fcnde bulundurun. Genel olarak en y\u00fcksek derece 8, en d\u00fc\u015f\u00fck derece ise 0'd\u0131r. Su ge\u00e7irmez bir kamera se\u00e7mek \u00f6nemlidir. Luview taraf\u0131ndan sa\u011flanan minib\u00fcs yedekleme kameralar\u0131 \u00e7o\u011funlukla IP68 veya IP69K su ge\u00e7irmezdir. Maksimum kamera a\u00e7\u0131s\u0131 170\u00b0'ye ula\u015fabilir ve kameralar, s\u00fcr\u00fcc\u00fcn\u00fcn kargo minib\u00fcs\u00fc g\u00fcvenlik ihtiya\u00e7lar\u0131n\u0131 tam olarak kar\u015f\u0131layabilen k\u0131z\u0131l\u00f6tesi gece g\u00f6r\u00fc\u015f i\u015flevine sahiptir.<\/p>\n<\/div><\/section><br \/>\n<section  class='av_textblock_section av-l7op2ljq-ad3130c1d46a749a0716ea99a2a4e0c0'  itemscope=\"itemscope\" itemtype=\"https:\/\/schema.org\/CreativeWork\" ><div class='avia_textblock'  itemprop=\"text\" ><h3>Do\u011fru minib\u00fcs yedek kamera sistemi \u00fcreticisini bulun<\/h3>\n<\/div><\/section><br \/>\n<section  class='av_textblock_section av-l7op3fdl-ee1b1ac159b93aa69b6c0a3c70310daa'  itemscope=\"itemscope\" itemtype=\"https:\/\/schema.org\/CreativeWork\" ><div class='avia_textblock'  itemprop=\"text\" ><p>Bir minib\u00fcs yedek kamera sistemi sat\u0131n almak s\u00f6z konusu oldu\u011funda, a\u015fa\u011f\u0131daki hususlar\u0131 g\u00f6z \u00f6n\u00fcnde bulundurman\u0131z gerekir.<\/p>\n<p>1. Video Kalitesi<\/p>\n<p>\u0130yi bir video kalitesine sahip bir kameraya da yat\u0131r\u0131m yapabilirsiniz!<\/p>\n<ol start=\"2\">\n<li>Kalite \u0130zleme<\/li>\n<\/ol>\n<p>Ekran \u00e7\u00f6z\u00fcn\u00fcrl\u00fc\u011f\u00fc \u00f6nemlidir. Ne kadar \u00e7ok piksel, o kadar iyi!<\/p>\n<ol start=\"3\">\n<li>Su ge\u00e7irmez<\/li>\n<\/ol>\n<p>\u0130yi bir su ge\u00e7irmezlik etkisi, ya\u011fmurlu g\u00fcnlerde de g\u00fcvenli ve endi\u015fesiz s\u00fcr\u00fc\u015f yapabilmenizi sa\u011flayabilir.<\/p>\n<p>Profesyonel bir ara\u00e7 i\u00e7i elektronik \u00fcreticisi olarak Luview, ara\u00e7 izleme \u00e7\u00f6z\u00fcmlerini \u00e7\u00f6zme konusunda 18 y\u0131ll\u0131k deneyime sahiptir. \u00dcr\u00fcnlerimiz yetkili makamlar taraf\u0131ndan do\u011frulanm\u0131\u015ft\u0131r ve ihracat niteliklerine sahiptir. T\u00fcm kameralar en az 1 y\u0131l garantilidir. G\u00fcvenilir bir minib\u00fcs yedek kamera sistemi \u00fcreticisi ar\u0131yorsan\u0131z, l\u00fctfen e-posta g\u00f6ndermekten \u00e7ekinmeyin <a href=\"mailto:sales@luview.com\"><u>sales@luview.com<\/u><\/a>\u00a0.<\/p>\n<\/div><\/section><\/p><\/div>\n\n<style type=\"text\/css\" data-created_by=\"avia_inline_auto\" id=\"style-css-av-l2vletd8-6873c757f85d604bdfa88a557a400ac2\">\n.flex_column.av-l2vletd8-6873c757f85d604bdfa88a557a400ac2{\nborder-radius:15px 15px 15px 15px;\n-webkit-border-radius:15px 15px 15px 15px;\n-moz-border-radius:15px 15px 15px 15px;\npadding:50px 50px 50px 50px;\nbox-shadow:0 0 10px 0 #e0e0e0;\n-webkit-box-shadow:0 0 10px 0 #e0e0e0;\n-moz-box-shadow:0 0 10px 0 #e0e0e0;\nbackground-color:#ffffff;\n}\n<\/style>\n<div class='flex_column av-l2vletd8-6873c757f85d604bdfa88a557a400ac2 av_one_full  avia-builder-el-34  el_after_av_one_full  avia-builder-el-last  first flex_column_div column-top-margin'   ><style type=\"text\/css\" data-created_by=\"avia_inline_auto\" id=\"style-css-av-1pn56r-c5797cae44e1194cd88c41e4e080c4a0\">\n#top .av_textblock_section.av-1pn56r-c5797cae44e1194cd88c41e4e080c4a0 .avia_textblock{\ntext-align:center;\n}\n<\/style>\n<section  class='av_textblock_section av-1pn56r-c5797cae44e1194cd88c41e4e080c4a0'  itemscope=\"itemscope\" itemtype=\"https:\/\/schema.org\/CreativeWork\" ><div class='avia_textblock'  itemprop=\"text\" ><h2 style=\"text-transform: uppercase;\">\u00d6zel Teklif<\/h2>\n<\/div><\/section><br \/>\n\n<style type=\"text\/css\" data-created_by=\"avia_inline_auto\" id=\"style-css-av-1me14z-8350f34feb640d6e4b487e997fe59277\">\n#top .hr.hr-invisible.av-1me14z-8350f34feb640d6e4b487e997fe59277{\nheight:30px;\n}\n<\/style>\n<div  class='hr av-1me14z-8350f34feb640d6e4b487e997fe59277 hr-invisible  avia-builder-el-36  el_after_av_textblock  el_before_av_codeblock'><span class='hr-inner'><span class=\"hr-inner-style\"><\/span><\/span><\/div><br \/>\n<\/p><\/div>","protected":false},"excerpt":{"rendered":"","protected":false},"author":1,"featured_media":0,"parent":387,"menu_order":0,"comment_status":"closed","ping_status":"closed","template":"","meta":{"_monsterinsights_skip_tracking":false,"_monsterinsights_sitenote_active":false,"_monsterinsights_sitenote_note":"","_monsterinsights_sitenote_category":0,"footnotes":""},"class_list":["post-23285","page","type-page","status-publish","hentry"],"_links":{"self":[{"href":"https:\/\/luview.com\/tr\/wp-json\/wp\/v2\/pages\/23285","targetHints":{"allow":["GET"]}}],"collection":[{"href":"https:\/\/luview.com\/tr\/wp-json\/wp\/v2\/pages"}],"about":[{"href":"https:\/\/luview.com\/tr\/wp-json\/wp\/v2\/types\/page"}],"author":[{"embeddable":true,"href":"https:\/\/luview.com\/tr\/wp-json\/wp\/v2\/users\/1"}],"replies":[{"embeddable":true,"href":"https:\/\/luview.com\/tr\/wp-json\/wp\/v2\/comments?post=23285"}],"version-history":[{"count":0,"href":"https:\/\/luview.com\/tr\/wp-json\/wp\/v2\/pages\/23285\/revisions"}],"up":[{"embeddable":true,"href":"https:\/\/luview.com\/tr\/wp-json\/wp\/v2\/pages\/387"}],"wp:attachment":[{"href":"https:\/\/luview.com\/tr\/wp-json\/wp\/v2\/media?parent=23285"}],"curies":[{"name":"wp","href":"https:\/\/api.w.org\/{rel}","templated":true}]}}